{"id":2394,"date":"2019-09-04T09:50:42","date_gmt":"2019-09-04T13:50:42","guid":{"rendered":"https:\/\/votreamieessentielle.com\/?page_id=2394"},"modified":"2019-09-04T09:50:42","modified_gmt":"2019-09-04T13:50:42","slug":"alopecia-areata","status":"publish","type":"page","link":"https:\/\/votreamieessentielle.com\/fr\/hair-scalp-analysis\/alopecia-areata\/","title":{"rendered":"Perte de cheveux localis\u00e9e (pelade)"},"content":{"rendered":"<p>L&rsquo;alop\u00e9cie areata est un trouble de la perte de cheveux qui est li\u00e9 \u00e0 un dysfonctionnement auto-immunitaire.<\/p>\n<p>La plupart du temps, constitu\u00e9e d\u2019une ou plusieurs plaques glabres rondes, lisses et souples, la pelade est toujours tr\u00e8s soudaine. Cela commence par la perte de petites tzone circulaire de cheveux, environ la taille d&rsquo;un 10 sous, mais peut parfois devenir plus extr\u00eame. La maladie peut toucher n&rsquo;importe qui, peu importe l&rsquo;\u00e2ge et le sexe, bien que la plupart des cas se produisent avant l&rsquo;\u00e2ge de 30 ans.<\/p>\n<p>Aussi appel\u00e9e \u00ab alop\u00e9cie areata \u00bb, ou \u00ab alop\u00e9cie en aires \u00bb, cette perte de cheveux n\u2019est pas toujours d\u00e9finitive.<\/p>\n<h6>Voici quelques faits sur l&rsquo;alop\u00e9cie areata:<\/h6>\n<ul>\n<li>Une personne sur cinq pr\u00e9sentant une alop\u00e9cie areata a \u00e9galement un membre de sa famille qui a d\u00e9j\u00e0 souffert de la maladie.<\/li>\n<li>L&rsquo;alop\u00e9cie areata se d\u00e9veloppe souvent soudainement, en quelques jours seulement.<\/li>\n<li>Il existe peu de preuves scientifiques que l&rsquo;alop\u00e9cie areata est caus\u00e9e par le stress.<\/li>\n<li>Les personnes pr\u00e9sentant une alop\u00e9cie areata qui ne pr\u00e9sentent que quelques taches de perte de cheveux connaissent souvent un r\u00e9tablissement spontan\u00e9 et complet, sans n\u00e9cessiter de traitement.<\/li>\n<li>Il n\u2019ya pas de rem\u00e8de pour l\u2019alop\u00e9cie areata<\/li>\n<\/ul>\n<p>Souvent associ\u00e9e \u00e0 un choc \u00e9motionnel, une m\u00e9dication, une infection ou m\u00eame un stress, c\u2019est une r\u00e9action autoimmunitaire o\u00f9 le corps s\u2019attaque aux cellules du follicule pileux. Les cheveux qui bordent les plaques se d\u00e9tachent facilement, mais le follicule du cheveu, sous la peau, est toujours l\u00e0 pour red\u00e9marrer la pousse au bon signal de l\u2019organisme. Ceci peut cependant prendre de quelques semaines \u00e0 plusieurs ann\u00e9es. S\u2019il n\u2019existe pas de solution miracle, les chances de stimuler la repousse sont meilleures si on intervient rapidement.<\/p>\n<p>&nbsp;<\/p>\n<hr \/>\n<p><strong>Soin cabine:<\/strong><\/p>\n<p>Nous utilisons des s\u00e9rums et des huiles essentielles afin de r\u00e9duire l&rsquo;inflammation et tenter de stimuler le follicules du cheveux \u00e0 repousser.<\/p>\n<p>$105.00 + Taxes chacun<\/p>\n<hr \/>\n<p>&nbsp;<\/p>","protected":false},"excerpt":{"rendered":"<p>L&rsquo;alop\u00e9cie areata est un trouble de la perte de cheveux qui est li\u00e9 \u00e0 un dysfonctionnement auto-immunitaire. La plupart du temps, constitu\u00e9e d\u2019une ou plusieurs plaques glabres rondes, lisses et souples, la pelade est toujours tr\u00e8s soudaine. Cela commence par la perte de petites tzone circulaire de cheveux, environ la taille d&rsquo;un 10 sous, mais &#8230;<\/p>\n","protected":false},"author":2,"featured_media":2397,"parent":2365,"menu_order":0,"comment_status":"closed","ping_status":"closed","template":"","meta":{"footnotes":""},"class_list":["post-2394","page","type-page","status-publish","has-post-thumbnail","hentry"],"_links":{"self":[{"href":"https:\/\/votreamieessentielle.com\/fr\/wp-json\/wp\/v2\/pages\/2394","targetHints":{"allow":["GET"]}}],"collection":[{"href":"https:\/\/votreamieessentielle.com\/fr\/wp-json\/wp\/v2\/pages"}],"about":[{"href":"https:\/\/votreamieessentielle.com\/fr\/wp-json\/wp\/v2\/types\/page"}],"author":[{"embeddable":true,"href":"https:\/\/votreamieessentielle.com\/fr\/wp-json\/wp\/v2\/users\/2"}],"replies":[{"embeddable":true,"href":"https:\/\/votreamieessentielle.com\/fr\/wp-json\/wp\/v2\/comments?post=2394"}],"version-history":[{"count":4,"href":"https:\/\/votreamieessentielle.com\/fr\/wp-json\/wp\/v2\/pages\/2394\/revisions"}],"predecessor-version":[{"id":2399,"href":"https:\/\/votreamieessentielle.com\/fr\/wp-json\/wp\/v2\/pages\/2394\/revisions\/2399"}],"up":[{"embeddable":true,"href":"https:\/\/votreamieessentielle.com\/fr\/wp-json\/wp\/v2\/pages\/2365"}],"wp:featuredmedia":[{"embeddable":true,"href":"https:\/\/votreamieessentielle.com\/fr\/wp-json\/wp\/v2\/media\/2397"}],"wp:attachment":[{"href":"https:\/\/votreamieessentielle.com\/fr\/wp-json\/wp\/v2\/media?parent=2394"}],"curies":[{"name":"wp","href":"https:\/\/api.w.org\/{rel}","templated":true}]}}